{"id":478,"date":"2021-11-24T11:21:23","date_gmt":"2021-11-24T10:21:23","guid":{"rendered":"https:\/\/casavesca.it\/misure-anti-covid-vacanza-sicura-napoli\/"},"modified":"2021-12-27T16:03:25","modified_gmt":"2021-12-27T15:03:25","slug":"anti-covid-measures-vacance-sures-naples","status":"publish","type":"page","link":"https:\/\/www.casavesca.it\/fr\/anti-covid-measures-vacance-sures-naples\/","title":{"rendered":"Mesures anti Covid-19"},"content":{"rendered":"[vc_row row_height_percent=\u00a0\u00bb40&Prime; override_padding=\u00a0\u00bbyes\u00a0\u00bb h_padding=\u00a0\u00bb3&Prime; top_padding=\u00a0\u00bb5&Prime; bottom_padding=\u00a0\u00bb5&Prime; back_color=\u00a0\u00bbcolor-wayh\u00a0\u00bb back_image=\u00a0\u00bb20&Prime; overlay_color=\u00a0\u00bbcolor-wayh\u00a0\u00bb overlay_alpha=\u00a0\u00bb50&Prime; gutter_size=\u00a0\u00bb3&Prime; column_width_percent=\u00a0\u00bb100&Prime; shift_y=\u00a0\u00bb0&Prime; z_index=\u00a0\u00bb0&Prime; top_divider=\u00a0\u00bbswoosh\u00a0\u00bb enable_bottom_divider=\u00a0\u00bbdefault\u00a0\u00bb bottom_divider_inv=\u00a0\u00bbcurve-asym-opacity\u00a0\u00bb shape_bottom_invert=\u00a0\u00bbyes\u00a0\u00bb shape_bottom_h_use_pixel=\u00a0\u00bb\u00a0\u00bb shape_bottom_height=\u00a0\u00bb100&Prime; shape_bottom_color=\u00a0\u00bbcolor-xsdn\u00a0\u00bb shape_bottom_opacity=\u00a0\u00bb100&Prime; shape_bottom_index=\u00a0\u00bb0&Prime; uncode_shortcode_id=\u00a0\u00bb167461&Prime; back_color_type=\u00a0\u00bbuncode-palette\u00a0\u00bb overlay_color_type=\u00a0\u00bbuncode-palette\u00a0\u00bb shape_bottom_color_type=\u00a0\u00bbuncode-palette\u00a0\u00bb][vc_column column_width_percent=\u00a0\u00bb100&Prime; position_vertical=\u00a0\u00bbmiddle\u00a0\u00bb align_horizontal=\u00a0\u00bbalign_center\u00a0\u00bb gutter_size=\u00a0\u00bb4&Prime; style=\u00a0\u00bbdark\u00a0\u00bb overlay_alpha=\u00a0\u00bb50&Prime; shift_x=\u00a0\u00bb0&Prime; shift_y=\u00a0\u00bb0&Prime; shift_y_down=\u00a0\u00bb0&Prime; z_index=\u00a0\u00bb0&Prime; medium_width=\u00a0\u00bb0&Prime; mobile_width=\u00a0\u00bb0&Prime; width=\u00a0\u00bb1\/1&Prime;][vc_row_inner row_inner_height_percent=\u00a0\u00bb0&Prime; overlay_alpha=\u00a0\u00bb50&Prime; gutter_size=\u00a0\u00bb3&Prime; shift_y=\u00a0\u00bb0&Prime; z_index=\u00a0\u00bb1&Prime; limit_content=\u00a0\u00bb\u00a0\u00bb][vc_column_inner column_width_percent=\u00a0\u00bb100&Prime; align_horizontal=\u00a0\u00bbalign_center\u00a0\u00bb gutter_size=\u00a0\u00bb3&Prime; style=\u00a0\u00bbdark\u00a0\u00bb overlay_alpha=\u00a0\u00bb50&Prime; shift_x=\u00a0\u00bb0&Prime; shift_y=\u00a0\u00bb0&Prime; shift_y_down=\u00a0\u00bb0&Prime; z_index=\u00a0\u00bb0&Prime; medium_width=\u00a0\u00bb0&Prime; mobile_width=\u00a0\u00bb0&Prime; width=\u00a0\u00bb1\/1&Prime;][vc_custom_heading auto_text=\u00a0\u00bbyes\u00a0\u00bb text_size=\u00a0\u00bbfontsize-445851&Prime; text_transform=\u00a0\u00bbuppercase\u00a0\u00bb text_height=\u00a0\u00bbfontheight-179065&Prime; css_animation=\u00a0\u00bbbottom-t-top\u00a0\u00bb animation_delay=\u00a0\u00bb600&Prime; title=\u00a0\u00bb\u00a0\u00bb uncode_shortcode_id=\u00a0\u00bb407087&Prime; text_color_type=\u00a0\u00bbuncode-solid\u00a0\u00bb text_color_solid=\u00a0\u00bbrgba(255,255,255,0.2)\u00a0\u00bb]Privacy Policy<\/p>\r\n<p>[\/vc_custom_heading][vc_custom_heading heading_semantic=\u00a0\u00bbh6&Prime; text_size=\u00a0\u00bbh4&Prime; text_height=\u00a0\u00bbfontheight-179065&Prime; text_space=\u00a0\u00bbfontspace-111509&Prime; css_animation=\u00a0\u00bbbottom-t-top\u00a0\u00bb animation_delay=\u00a0\u00bb600&Prime; title=\u00a0\u00bb\u00a0\u00bb uncode_shortcode_id=\u00a0\u00bb641152&Prime; text_color_type=\u00a0\u00bbuncode-solid\u00a0\u00bb text_color_solid=\u00a0\u00bbrgba(255,255,255,0.52)\u00a0\u00bb]\r\n<p>Derni\u00e8re mise \u00e0 jour : novembre 2021<\/p>\r\n<p>[\/vc_custom_heading][\/vc_column_inner][\/vc_row_inner][vc_empty_space empty_h=\u00a0\u00bb4&Prime;][\/vc_column][\/vc_row][vc_row row_height_percent=\u00a0\u00bb0&Prime; override_padding=\u00a0\u00bbyes\u00a0\u00bb h_padding=\u00a0\u00bb2&Prime; top_padding=\u00a0\u00bb5&Prime; bottom_padding=\u00a0\u00bb3&Prime; overlay_alpha=\u00a0\u00bb50&Prime; gutter_size=\u00a0\u00bb3&Prime; column_width_percent=\u00a0\u00bb100&Prime; shift_y=\u00a0\u00bb0&Prime; z_index=\u00a0\u00bb0&Prime; uncode_shortcode_id=\u00a0\u00bb805076&Prime;][vc_column][vc_single_image media=\u00a0\u00bb75&Prime; media_width_percent=\u00a0\u00bb100&Prime; media_ratio=\u00a0\u00bbtwentyone-nine\u00a0\u00bb shape=\u00a0\u00bbimg-round\u00a0\u00bb radius=\u00a0\u00bbstd\u00a0\u00bb uncode_shortcode_id=\u00a0\u00bb248760&Prime;][vc_empty_space empty_h=\u00a0\u00bb2&Prime;][vc_column_text uncode_shortcode_id=\u00a0\u00bb279835&Prime;]<\/p>\r\n<p>En raison des r\u00e8glements sanitaires \u00e9mis \u00e0 la suite de l&rsquo;urgence sanitaire pour Covid19, nos activit\u00e9s quotidiennes seront men\u00e9es avec une conscience diff\u00e9rente. Pour cette raison, nous avons modifi\u00e9 nos proc\u00e9dures et notre routine quotidienne afin de garantir la s\u00e9curit\u00e9 de nos h\u00f4tes et de notre personnel.<\/p>\r\n<p><strong>MESURES G\u00c9N\u00c9RALES<\/strong><\/p>\r\n<p>Le personnel du Smart Hotel Napoli sera form\u00e9 aux proc\u00e9dures \u00e0 adopter suite \u00e0 l&rsquo;urgence Covid-19. Tout le personnel sera muni de masques et disposera de d\u00e9tergents d\u00e9sinfectants pour exercer ses activit\u00e9s. Dans les parties communes de l&rsquo;h\u00f4tel, il y aura un certain nombre de distributeurs de d\u00e9sinfectant pour les mains.<\/p>\r\n<p><strong>ACCUEIL<\/strong><\/p>\r\n<p>Une zone de contr\u00f4le de temp\u00e9rature a \u00e9t\u00e9 mise en place au poste de contr\u00f4le d&rsquo;acc\u00e8s \u00e0 la zone de la Gare Maritime qui servira de premi\u00e8re \u00e9tape de contr\u00f4le. Par la suite, une deuxi\u00e8me mesure sera fournie au moment de l&rsquo;enregistrement.<\/p>\r\n<p><strong>CHECK-IN<\/strong><\/p>\r\n<p>Les proc\u00e9dures d&rsquo;enregistrement seront simplifi\u00e9es et acc\u00e9l\u00e9r\u00e9es afin de minimiser les contacts \u00e9troits entre les clients et le personnel.<\/p>\r\n<p><strong>NETTOYAGE DES CHAMBRES ET DES ESPACES COMMUNS<\/strong><\/p>\r\n<p>Le personnel de nettoyage utilisera un n\u00e9buliseur Ulv pour assainir les locaux \u00e0 l&rsquo;aide de peroxyde d&rsquo;hydrog\u00e8ne (commun\u00e9ment appel\u00e9 eau oxyg\u00e9n\u00e9e), produit conforme aux directives minist\u00e9rielles (circulaire 5443). Inoffensif pour les humains et les animaux, sans danger pour les mat\u00e9riaux : ne tache pas et ne laisse pas de trace. Apr\u00e8s la premi\u00e8re activit\u00e9 d&rsquo;assainissement, le nettoyage m\u00e9thodique des chambres aura lieu.<\/p>\r\n<p><strong>PETIT DEJEUNER<\/strong><\/p>\r\n<p>La capacit\u00e9 de la salle de petit-d\u00e9jeuner a \u00e9t\u00e9 r\u00e9duite pour permettre l&rsquo;espacement entre les clients, conform\u00e9ment aux dispositions minist\u00e9rielles. Le buffet du petit-d\u00e9jeuner est structur\u00e9 de mani\u00e8re \u00e0 ne permettre qu&rsquo;\u00e0 notre personnel d&rsquo;y acc\u00e9der et de servir ce qui est demand\u00e9 par les clients. Si vous le souhaitez, il sera possible de prendre le petit-d\u00e9jeuner en chambre, en \u00e9vitant la salle \u00e0 manger communes.<\/p>\r\n<p>[\/vc_column_text][\/vc_column][\/vc_row]<\/p>","protected":false},"excerpt":{"rendered":"<p>[vc_row row_height_percent=\u00a0\u00bb40&Prime; override_padding=\u00a0\u00bbyes\u00a0\u00bb h_padding=\u00a0\u00bb3&Prime; top_padding=\u00a0\u00bb5&Prime; bottom_padding=\u00a0\u00bb5&Prime; back_color=\u00a0\u00bbcolor-wayh\u00a0\u00bb back_image=\u00a0\u00bb20&Prime; overlay_color=\u00a0\u00bbcolor-wayh\u00a0\u00bb overlay_alpha=\u00a0\u00bb50&Prime; gutter_size=\u00a0\u00bb3&Prime; column_width_percent=\u00a0\u00bb100&Prime; shift_y=\u00a0\u00bb0&Prime; z_index=\u00a0\u00bb0&Prime; top_divider=\u00a0\u00bbswoosh\u00a0\u00bb enable_bottom_divider=\u00a0\u00bbdefault\u00a0\u00bb bottom_divider_inv=\u00a0\u00bbcurve-asym-opacity\u00a0\u00bb shape_bottom_invert=\u00a0\u00bbyes\u00a0\u00bb shape_bottom_h_use_pixel=\u00a0\u00bb\u00a0\u00bb shape_bottom_height=\u00a0\u00bb100&Prime; [&hellip;]<\/p>\n","protected":false},"author":2,"featured_media":0,"parent":0,"menu_order":0,"comment_status":"closed","ping_status":"closed","template":"","meta":{"footnotes":""},"class_list":["post-478","page","type-page","status-publish","hentry"],"yoast_head":"<!-- This site is optimized with the Yoast SEO plugin v27.5 - https:\/\/yoast.com\/product\/yoast-seo-wordpress\/ -->\n<title>Mesures anti Covid-19 - La Vesca Residence<\/title>\n<meta name=\"description\" content=\"Nous garantissons \u00e0 nos clients des vacances en toute s\u00e9curit\u00e9 dans un environnement aseptis\u00e9, propre et aseptis\u00e9\" \/>\n<meta name=\"robots\" content=\"index, follow, max-snippet:-1, max-image-preview:large, max-video-preview:-1\" \/>\n<link rel=\"canonical\" href=\"https:\/\/www.casavesca.it\/misure-anti-covid-vacanza-sicura-napoli\/\" \/>\n<meta property=\"og:locale\" content=\"fr_FR\" \/>\n<meta property=\"og:type\" content=\"article\" \/>\n<meta property=\"og:title\" content=\"Mesures anti Covid-19 - La Vesca Residence\" \/>\n<meta property=\"og:description\" content=\"Nous garantissons \u00e0 nos clients des vacances en toute s\u00e9curit\u00e9 dans un environnement aseptis\u00e9, propre et aseptis\u00e9\" \/>\n<meta property=\"og:url\" content=\"https:\/\/www.casavesca.it\/misure-anti-covid-vacanza-sicura-napoli\/\" \/>\n<meta property=\"og:site_name\" content=\"La Vesca Residence\" \/>\n<meta property=\"article:modified_time\" content=\"2021-12-27T15:03:25+00:00\" \/>\n<meta name=\"twitter:card\" content=\"summary_large_image\" \/>\n<meta name=\"twitter:label1\" content=\"Dur\u00e9e de lecture estim\u00e9e\" \/>\n\t<meta name=\"twitter:data1\" content=\"3 minutes\" \/>\n<script type=\"application\/ld+json\" class=\"yoast-schema-graph\">{\"@context\":\"https:\\\/\\\/schema.org\",\"@graph\":[{\"@type\":\"WebPage\",\"@id\":\"https:\\\/\\\/www.casavesca.it\\\/misure-anti-covid-vacanza-sicura-napoli\\\/\",\"url\":\"https:\\\/\\\/www.casavesca.it\\\/misure-anti-covid-vacanza-sicura-napoli\\\/\",\"name\":\"Mesures anti Covid-19 - La Vesca Residence\",\"isPartOf\":{\"@id\":\"https:\\\/\\\/www.casavesca.it\\\/#website\"},\"datePublished\":\"2021-11-24T10:21:23+00:00\",\"dateModified\":\"2021-12-27T15:03:25+00:00\",\"description\":\"Nous garantissons \u00e0 nos clients des vacances en toute s\u00e9curit\u00e9 dans un environnement aseptis\u00e9, propre et aseptis\u00e9\",\"inLanguage\":\"fr-FR\",\"potentialAction\":[{\"@type\":\"ReadAction\",\"target\":[\"https:\\\/\\\/www.casavesca.it\\\/misure-anti-covid-vacanza-sicura-napoli\\\/\"]}]},{\"@type\":\"WebSite\",\"@id\":\"https:\\\/\\\/www.casavesca.it\\\/#website\",\"url\":\"https:\\\/\\\/www.casavesca.it\\\/\",\"name\":\"La Vesca Residence\",\"description\":\"Vivi Sanremo sul mare\",\"potentialAction\":[{\"@type\":\"SearchAction\",\"target\":{\"@type\":\"EntryPoint\",\"urlTemplate\":\"https:\\\/\\\/www.casavesca.it\\\/?s={search_term_string}\"},\"query-input\":{\"@type\":\"PropertyValueSpecification\",\"valueRequired\":true,\"valueName\":\"search_term_string\"}}],\"inLanguage\":\"fr-FR\"}]}<\/script>\n<!-- \/ Yoast SEO plugin. -->","yoast_head_json":{"title":"Mesures anti Covid-19 - La Vesca Residence","description":"Nous garantissons \u00e0 nos clients des vacances en toute s\u00e9curit\u00e9 dans un environnement aseptis\u00e9, propre et aseptis\u00e9","robots":{"index":"index","follow":"follow","max-snippet":"max-snippet:-1","max-image-preview":"max-image-preview:large","max-video-preview":"max-video-preview:-1"},"canonical":"https:\/\/www.casavesca.it\/misure-anti-covid-vacanza-sicura-napoli\/","og_locale":"fr_FR","og_type":"article","og_title":"Mesures anti Covid-19 - La Vesca Residence","og_description":"Nous garantissons \u00e0 nos clients des vacances en toute s\u00e9curit\u00e9 dans un environnement aseptis\u00e9, propre et aseptis\u00e9","og_url":"https:\/\/www.casavesca.it\/misure-anti-covid-vacanza-sicura-napoli\/","og_site_name":"La Vesca Residence","article_modified_time":"2021-12-27T15:03:25+00:00","twitter_card":"summary_large_image","twitter_misc":{"Dur\u00e9e de lecture estim\u00e9e":"3 minutes"},"schema":{"@context":"https:\/\/schema.org","@graph":[{"@type":"WebPage","@id":"https:\/\/www.casavesca.it\/misure-anti-covid-vacanza-sicura-napoli\/","url":"https:\/\/www.casavesca.it\/misure-anti-covid-vacanza-sicura-napoli\/","name":"Mesures anti Covid-19 - La Vesca Residence","isPartOf":{"@id":"https:\/\/www.casavesca.it\/#website"},"datePublished":"2021-11-24T10:21:23+00:00","dateModified":"2021-12-27T15:03:25+00:00","description":"Nous garantissons \u00e0 nos clients des vacances en toute s\u00e9curit\u00e9 dans un environnement aseptis\u00e9, propre et aseptis\u00e9","inLanguage":"fr-FR","potentialAction":[{"@type":"ReadAction","target":["https:\/\/www.casavesca.it\/misure-anti-covid-vacanza-sicura-napoli\/"]}]},{"@type":"WebSite","@id":"https:\/\/www.casavesca.it\/#website","url":"https:\/\/www.casavesca.it\/","name":"La Vesca Residence","description":"Vivi Sanremo sul mare","potentialAction":[{"@type":"SearchAction","target":{"@type":"EntryPoint","urlTemplate":"https:\/\/www.casavesca.it\/?s={search_term_string}"},"query-input":{"@type":"PropertyValueSpecification","valueRequired":true,"valueName":"search_term_string"}}],"inLanguage":"fr-FR"}]}},"_links":{"self":[{"href":"https:\/\/www.casavesca.it\/fr\/wp-json\/wp\/v2\/pages\/478","targetHints":{"allow":["GET"]}}],"collection":[{"href":"https:\/\/www.casavesca.it\/fr\/wp-json\/wp\/v2\/pages"}],"about":[{"href":"https:\/\/www.casavesca.it\/fr\/wp-json\/wp\/v2\/types\/page"}],"author":[{"embeddable":true,"href":"https:\/\/www.casavesca.it\/fr\/wp-json\/wp\/v2\/users\/2"}],"replies":[{"embeddable":true,"href":"https:\/\/www.casavesca.it\/fr\/wp-json\/wp\/v2\/comments?post=478"}],"version-history":[{"count":0,"href":"https:\/\/www.casavesca.it\/fr\/wp-json\/wp\/v2\/pages\/478\/revisions"}],"wp:attachment":[{"href":"https:\/\/www.casavesca.it\/fr\/wp-json\/wp\/v2\/media?parent=478"}],"curies":[{"name":"wp","href":"https:\/\/api.w.org\/{rel}","templated":true}]}}